{"id":25669,"date":"2020-02-09T11:00:50","date_gmt":"2020-02-09T10:00:50","guid":{"rendered":"https:\/\/www.fundacionpombo.org\/?page_id=25669"},"modified":"2021-03-16T20:42:55","modified_gmt":"2021-03-16T19:42:55","slug":"health-and-social-exclusion","status":"publish","type":"page","link":"https:\/\/www.fundacionpombo.org\/en\/health-and-social-exclusion\/","title":{"rendered":"Health and social exclusion"},"content":{"rendered":"<section data-vc-full-width=\"true\" data-vc-full-width-init=\"false\" class=\"vc_row wpb_row vc_row-fluid  vc_custom_1582651157210 vc_row-has-fill pofo-stretch-content pofo-stretch-row-container vc_row-o-content-middle vc_row-flex\"><div class=\"wpb_column vc_column_container vc_col-sm-12  col-xs-mobile-fullwidth text-center md-text-center sm-text-center xs-text-center\"><div class=\"vc_column-inner \"><div class=\"wpb_wrapper\">[vc_empty_space height=&#8221;50px&#8221;]<div class=\"last-paragraph-no-margin\"><h2 style=\"text-align: left;\"><span style=\"color: #ffffff;\"><strong>Health and social exclusion<\/strong><\/span><\/h2>\n<h5 style=\"text-align: left;\">We protect Access to rights of individuals with health problems who are also in a situation of exclusion or risk.<\/h5>\n<\/div><\/div><\/div><\/div><\/section><div class=\"vc_row-full-width vc_clearfix\"><\/div><section data-vc-full-width=\"true\" data-vc-full-width-init=\"false\" class=\"vc_row wpb_row vc_row-fluid menu-horizontal vc_custom_1582651371784 vc_row-has-fill pofo-stretch-content pofo-stretch-row-container\"><div class=\"wpb_column vc_column_container vc_col-sm-12  col-xs-mobile-fullwidth\"><div class=\"vc_column-inner \"><div class=\"wpb_wrapper\">[vc_wp_custommenu nav_menu=&#8221;165&#8243;]<\/div><\/div><\/div><\/section><div class=\"vc_row-full-width vc_clearfix\"><\/div><section data-vc-full-width=\"true\" data-vc-full-width-init=\"false\" class=\"vc_row wpb_row vc_row-fluid  vc_custom_1582100495852 vc_row-has-fill pofo-stretch-content pofo-stretch-row-container vc_row-o-content-middle vc_row-flex\"><div class=\"wpb_column vc_column_container vc_col-has-fill vc_col-sm-12  col-xs-mobile-fullwidth\"><div class=\"vc_column-inner vc_custom_1581180445066\"><div class=\"wpb_wrapper\"><div class=\"last-paragraph-no-margin\"><h5><span style=\"color: #f32735;\"><strong>Rec<span style=\"color: #f32735;\">ognitions<\/span><\/strong><\/span><\/h5>\n<h6><span style=\"color: #f32735;\">*<\/span> <span style=\"font-weight: 400;\">Finalists in the Global Pro Bono Awards 2017<br \/>\n<\/span><span style=\"color: #f32735;\">*<\/span> <span style=\"font-weight: 400;\">Award for the Promotion and Defence of Rights from the Spanish Federation of Rare Diseases (Federaci\u00f3n Espa\u00f1ola de Enfermedades Raras (FEDER) 2014\u00a0Projects 2014<\/span><\/h6>\n<h4><\/h4>\n<\/div><\/div><\/div><\/div><\/section><div class=\"vc_row-full-width vc_clearfix\"><\/div><section id=\"menores\" data-vc-full-width=\"true\" data-vc-full-width-init=\"false\" class=\"vc_row wpb_row vc_row-fluid  vc_custom_1582124779634 wow fadeIn pofo-stretch-content pofo-stretch-row-container\"><div class=\"wpb_column vc_column_container vc_col-sm-12  col-xs-mobile-fullwidth\"><div class=\"vc_column-inner \"><div class=\"wpb_wrapper\">[vc_empty_space height=&#8221;30px&#8221;]<div class=\" vc_custom_1615739431808 last-paragraph-no-margin\"><h3 class=\"font-weight-300 text-extra-dark-gray no-margin\" style=\"text-align: left;\"><strong>Projects<\/strong><\/h3>\n<hr \/>\n<p>&nbsp;<\/p>\n<h4 style=\"text-align: left;\"><span style=\"color: #f32735;\"><strong>MINORS<\/strong><\/span><\/h4>\n<h6><span style=\"font-weight: 400;\">The twofold vulnerability of being a child and having a serious illness is a constant worry for all. Therefore, we develop projects with social institutions that promote the improvement of rights of these children and their families by jointly seeking out solutions to the legal obstacles they face in accessing diagnoses, treatment, medication, therapy or monitoring of their illness, as well as to have the support of families regardless of the location of treatment. <\/span><b>. <\/b><span style=\"font-weight: 400;\">Many of these projects may also be found on our<a href=\"http:\/\/fundacionpombo.org\/tokenspombo\/\"> Tokens Pombo<\/a> website.<\/span><\/h6>\n<\/div>[vc_empty_space height=&#8221;30px&#8221;][vc_text_separator title=&#8221;LATEST NEWS&#8221; title_align=&#8221;separator_align_left&#8221; align=&#8221;align_left&#8221; color=&#8221;custom&#8221; el_width=&#8221;20&#8243; accent_color=&#8221;#f32735&#8243;][vc_empty_space]<div id=\"entries-block-1\" class=\"pofo-blog-masonry\"><ul class=\"blog-grid blog-3col gutter-large blog-post-gutter\"><li class=\"grid-sizer\"><\/li><\/ul><\/div>[vc_empty_space][vc_btn title=&#8221;Learn more&#8221; style=&#8221;gradient-custom&#8221; gradient_custom_color_1=&#8221;#f32735&#8243; gradient_custom_color_2=&#8221;&#8221; shape=&#8221;square&#8221; size=&#8221;lg&#8221; align=&#8221;center&#8221; link=&#8221;url:https%3A%2F%2Fpombos.herokuapp.com%2Ftransactions%2Finfancia-y-salud||target:%20_blank|&#8221;]<\/div><\/div><\/div><\/section><div class=\"vc_row-full-width vc_clearfix\"><\/div><section id=\"salud-mental\" data-vc-full-width=\"true\" data-vc-full-width-init=\"false\" class=\"vc_row wpb_row vc_row-fluid  vc_custom_1582651873777 vc_row-has-fill pofo-stretch-content pofo-stretch-row-container vc_row-o-content-middle vc_row-flex\"><div class=\"wpb_column vc_column_container vc_col-sm-12  col-xs-mobile-fullwidth\"><div class=\"vc_column-inner \"><div class=\"wpb_wrapper\"><div class=\"last-paragraph-no-margin\"><h4 style=\"text-align: left;\"><span style=\"color: #f32735;\"><strong>MENTAL HEALTH<\/strong><\/span><\/h4>\n<h6>Mental health has been recognised as one of the greatest social-health challenges of this century. We try to involve the legal profession in the improvement of access to rights of individuals with mental health problems and their families, while at the same time promoting the mental wellbeing of the profession.<\/h6>\n<\/div>[vc_empty_space height=&#8221;30px&#8221;][vc_text_separator title=&#8221;LATEST NEWS&#8221; title_align=&#8221;separator_align_left&#8221; align=&#8221;align_left&#8221; color=&#8221;custom&#8221; el_width=&#8221;20&#8243; accent_color=&#8221;#f32735&#8243;][vc_empty_space]<div id=\"entries-block-2\" class=\"pofo-blog-masonry\"><ul class=\"blog-grid blog-3col gutter-large blog-post-gutter\"><li class=\"grid-sizer\"><\/li><\/ul><\/div>[vc_empty_space height=&#8221;50px&#8221;][vc_btn title=&#8221;Learn more&#8221; style=&#8221;gradient-custom&#8221; gradient_custom_color_1=&#8221;#fc1955&#8243; gradient_custom_color_2=&#8221;&#8221; shape=&#8221;square&#8221; size=&#8221;lg&#8221; align=&#8221;center&#8221; link=&#8221;url:http%3A%2F%2Fprobonoxmigranteforzosos.fundacionpombo.org%2F||target:%20_blank|&#8221;]<\/div><\/div><\/div><\/section><div class=\"vc_row-full-width vc_clearfix\"><\/div><section id=\"enfermedades-graves\" class=\"vc_row wpb_row vc_row-fluid  vc_custom_1582651939748\"><div class=\"wpb_column vc_column_container vc_col-sm-12  col-xs-mobile-fullwidth\"><div class=\"vc_column-inner \"><div class=\"wpb_wrapper\"><div class=\"last-paragraph-no-margin\"><h4 style=\"text-align: left;\"><span style=\"color: #f32735;\"><strong>SERIOUS AND RARE ILLNESSES<\/strong><\/span><\/h4>\n<h6>We promote the protection of rights of individuals with serious and rare illnesses by analysing certain legal aspects and situations that give rise to defencelessness and hopelessness in those suffering from such illnesses, such as the process of patient referral between regions, accessing orphan drugs or matters related to social benefits and insurance.<\/h6>\n<\/div>[vc_empty_space height=&#8221;30px&#8221;][vc_empty_space height=&#8221;30px&#8221;][vc_text_separator title=&#8221;LATEST NEWS&#8221; title_align=&#8221;separator_align_left&#8221; align=&#8221;align_left&#8221; color=&#8221;custom&#8221; el_width=&#8221;20&#8243; accent_color=&#8221;#f32735&#8243;][vc_empty_space]<div id=\"entries-block-3\" class=\"pofo-blog-masonry\"><ul class=\"blog-grid blog-3col gutter-large blog-post-gutter\"><li class=\"grid-sizer\"><\/li><\/ul><\/div>[vc_btn title=&#8221;Learn more&#8221; style=&#8221;gradient-custom&#8221; gradient_custom_color_1=&#8221;#fc1955&#8243; gradient_custom_color_2=&#8221;&#8221; shape=&#8221;square&#8221; size=&#8221;lg&#8221; align=&#8221;center&#8221; link=&#8221;url:http%3A%2F%2Fprobonoxmigranteforzosos.fundacionpombo.org%2F||target:%20_blank|&#8221;][vc_empty_space]<\/div><\/div><\/div><\/section>\n","protected":false},"excerpt":{"rendered":"[vc_empty_space height=\"50px\"]Health and social exclusion We protect Access to rights of individuals with health problems who are also in a situation of exclusion or risk. [vc_wp_custommenu nav_menu=\"165\"]Recognitions * Finalists in the Global Pro Bono Awards 2017 * Award for the Promotion and Defence of Rights from the Spanish Federation of Rare Diseases (Federaci\u00f3n Espa\u00f1ola de Enfermedades Raras (FEDER) 2014\u00a0Projects 2014 [vc_empty_space height=\"30px\"]Projects &nbsp; MINORS The twofold vulnerability of being a child and having a serious illness is a constant worry for all. Therefore, we develop projects with social institutions that promote the improvement of rights of these children and their families by jointly seeking out solutions to the legal obstacles they face in accessing diagnoses, treatment, medication, therapy or monitoring of their illness, as well as to have the support of families regardless of the location of treatment. . Many of these projects may also be found on our Tokens Pombo website. [vc_empty_space height=\"30px\"][vc_text_separator title=\"LATEST NEWS\" title_align=\"separator_align_left\" align=\"align_left\" color=\"custom\" el_width=\"20\" accent_color=\"#f32735\"][vc_empty_space][vc_empty_space][vc_btn title=\"Learn more\" style=\"gradient-custom\" gradient_custom_color_1=\"#f32735\" gradient_custom_color_2=\"\" shape=\"square\" size=\"lg\" align=\"center\" link=\"url:https%3A%2F%2Fpombos.herokuapp.com%2Ftransactions%2Finfancia-y-salud||target:%20_blank|\"]MENTAL HEALTH Mental health has been recognised as one of the greatest social-health challenges of this century. We try to involve the legal profession in the improvement of access to rights&hellip; <a class=\"continue\" href=\"https:\/\/www.fundacionpombo.org\/en\/health-and-social-exclusion\/\">Continuar leyendo<span> Health and social exclusion<\/span><\/a>","protected":false},"author":2,"featured_media":0,"parent":0,"menu_order":0,"comment_status":"closed","ping_status":"closed","template":"","meta":{"footnotes":""},"class_list":["post-25669","page","type-page","status-publish","hentry"],"yoast_head":"<!-- This site is optimized with the Yoast SEO plugin v27.4 - https:\/\/yoast.com\/product\/yoast-seo-wordpress\/ -->\n<title>Health and social exclusion - Fundaci\u00f3n Fernando Pombo<\/title>\n<meta name=\"description\" content=\"Promovemos iniciativas jur\u00eddicas encaminadas a fortalecer el Estado de derecho y los derechos humanos. Trabajamos local y globalmente, combinando innovaci\u00f3n y excelencia jur\u00eddica para generar un mayor impacto social.\" \/>\n<meta name=\"robots\" content=\"index, follow, max-snippet:-1, max-image-preview:large, max-video-preview:-1\" \/>\n<link rel=\"canonical\" href=\"https:\/\/www.fundacionpombo.org\/en\/health-and-social-exclusion\/\" \/>\n<meta property=\"og:locale\" content=\"en_US\" \/>\n<meta property=\"og:type\" content=\"article\" \/>\n<meta property=\"og:title\" content=\"Health and social exclusion - Fundaci\u00f3n Fernando Pombo\" \/>\n<meta property=\"og:description\" content=\"Promovemos iniciativas jur\u00eddicas encaminadas a fortalecer el Estado de derecho y los derechos humanos. Trabajamos local y globalmente, combinando innovaci\u00f3n y excelencia jur\u00eddica para generar un mayor impacto social.\" \/>\n<meta property=\"og:url\" content=\"https:\/\/www.fundacionpombo.org\/en\/health-and-social-exclusion\/\" \/>\n<meta property=\"og:site_name\" content=\"Fundaci\u00f3n Fernando Pombo\" \/>\n<meta property=\"article:publisher\" content=\"https:\/\/www.facebook.com\/FundacionFernandoPombo\" \/>\n<meta property=\"article:modified_time\" content=\"2021-03-16T19:42:55+00:00\" \/>\n<meta name=\"twitter:card\" content=\"summary_large_image\" \/>\n<meta name=\"twitter:site\" content=\"@FundacionFPombo\" \/>\n<script type=\"application\/ld+json\" class=\"yoast-schema-graph\">{\"@context\":\"https:\\\/\\\/schema.org\",\"@graph\":[{\"@type\":\"WebPage\",\"@id\":\"https:\\\/\\\/www.fundacionpombo.org\\\/en\\\/health-and-social-exclusion\\\/\",\"url\":\"https:\\\/\\\/www.fundacionpombo.org\\\/en\\\/health-and-social-exclusion\\\/\",\"name\":\"Health and social exclusion - Fundaci\u00f3n Fernando Pombo\",\"isPartOf\":{\"@id\":\"https:\\\/\\\/www.fundacionpombo.org\\\/en\\\/#website\"},\"datePublished\":\"2020-02-09T10:00:50+00:00\",\"dateModified\":\"2021-03-16T19:42:55+00:00\",\"description\":\"Promovemos iniciativas jur\u00eddicas encaminadas a fortalecer el Estado de derecho y los derechos humanos. Trabajamos local y globalmente, combinando innovaci\u00f3n y excelencia jur\u00eddica para generar un mayor impacto social.\",\"breadcrumb\":{\"@id\":\"https:\\\/\\\/www.fundacionpombo.org\\\/en\\\/health-and-social-exclusion\\\/#breadcrumb\"},\"inLanguage\":\"en-US\",\"potentialAction\":[{\"@type\":\"ReadAction\",\"target\":[\"https:\\\/\\\/www.fundacionpombo.org\\\/en\\\/health-and-social-exclusion\\\/\"]}]},{\"@type\":\"BreadcrumbList\",\"@id\":\"https:\\\/\\\/www.fundacionpombo.org\\\/en\\\/health-and-social-exclusion\\\/#breadcrumb\",\"itemListElement\":[{\"@type\":\"ListItem\",\"position\":1,\"name\":\"Portada\",\"item\":\"https:\\\/\\\/www.fundacionpombo.org\\\/en\\\/\"},{\"@type\":\"ListItem\",\"position\":2,\"name\":\"Health and social exclusion\"}]},{\"@type\":\"WebSite\",\"@id\":\"https:\\\/\\\/www.fundacionpombo.org\\\/en\\\/#website\",\"url\":\"https:\\\/\\\/www.fundacionpombo.org\\\/en\\\/\",\"name\":\"Fundaci\u00f3n Fernando Pombo\",\"description\":\"Abogac\u00eda responsable por un mundo m\u00e1s justo\",\"potentialAction\":[{\"@type\":\"SearchAction\",\"target\":{\"@type\":\"EntryPoint\",\"urlTemplate\":\"https:\\\/\\\/www.fundacionpombo.org\\\/en\\\/?s={search_term_string}\"},\"query-input\":{\"@type\":\"PropertyValueSpecification\",\"valueRequired\":true,\"valueName\":\"search_term_string\"}}],\"inLanguage\":\"en-US\"}]}<\/script>\n<!-- \/ Yoast SEO plugin. -->","yoast_head_json":{"title":"Health and social exclusion - Fundaci\u00f3n Fernando Pombo","description":"Promovemos iniciativas jur\u00eddicas encaminadas a fortalecer el Estado de derecho y los derechos humanos. Trabajamos local y globalmente, combinando innovaci\u00f3n y excelencia jur\u00eddica para generar un mayor impacto social.","robots":{"index":"index","follow":"follow","max-snippet":"max-snippet:-1","max-image-preview":"max-image-preview:large","max-video-preview":"max-video-preview:-1"},"canonical":"https:\/\/www.fundacionpombo.org\/en\/health-and-social-exclusion\/","og_locale":"en_US","og_type":"article","og_title":"Health and social exclusion - Fundaci\u00f3n Fernando Pombo","og_description":"Promovemos iniciativas jur\u00eddicas encaminadas a fortalecer el Estado de derecho y los derechos humanos. Trabajamos local y globalmente, combinando innovaci\u00f3n y excelencia jur\u00eddica para generar un mayor impacto social.","og_url":"https:\/\/www.fundacionpombo.org\/en\/health-and-social-exclusion\/","og_site_name":"Fundaci\u00f3n Fernando Pombo","article_publisher":"https:\/\/www.facebook.com\/FundacionFernandoPombo","article_modified_time":"2021-03-16T19:42:55+00:00","twitter_card":"summary_large_image","twitter_site":"@FundacionFPombo","schema":{"@context":"https:\/\/schema.org","@graph":[{"@type":"WebPage","@id":"https:\/\/www.fundacionpombo.org\/en\/health-and-social-exclusion\/","url":"https:\/\/www.fundacionpombo.org\/en\/health-and-social-exclusion\/","name":"Health and social exclusion - Fundaci\u00f3n Fernando Pombo","isPartOf":{"@id":"https:\/\/www.fundacionpombo.org\/en\/#website"},"datePublished":"2020-02-09T10:00:50+00:00","dateModified":"2021-03-16T19:42:55+00:00","description":"Promovemos iniciativas jur\u00eddicas encaminadas a fortalecer el Estado de derecho y los derechos humanos. Trabajamos local y globalmente, combinando innovaci\u00f3n y excelencia jur\u00eddica para generar un mayor impacto social.","breadcrumb":{"@id":"https:\/\/www.fundacionpombo.org\/en\/health-and-social-exclusion\/#breadcrumb"},"inLanguage":"en-US","potentialAction":[{"@type":"ReadAction","target":["https:\/\/www.fundacionpombo.org\/en\/health-and-social-exclusion\/"]}]},{"@type":"BreadcrumbList","@id":"https:\/\/www.fundacionpombo.org\/en\/health-and-social-exclusion\/#breadcrumb","itemListElement":[{"@type":"ListItem","position":1,"name":"Portada","item":"https:\/\/www.fundacionpombo.org\/en\/"},{"@type":"ListItem","position":2,"name":"Health and social exclusion"}]},{"@type":"WebSite","@id":"https:\/\/www.fundacionpombo.org\/en\/#website","url":"https:\/\/www.fundacionpombo.org\/en\/","name":"Fundaci\u00f3n Fernando Pombo","description":"Abogac\u00eda responsable por un mundo m\u00e1s justo","potentialAction":[{"@type":"SearchAction","target":{"@type":"EntryPoint","urlTemplate":"https:\/\/www.fundacionpombo.org\/en\/?s={search_term_string}"},"query-input":{"@type":"PropertyValueSpecification","valueRequired":true,"valueName":"search_term_string"}}],"inLanguage":"en-US"}]}},"_links":{"self":[{"href":"https:\/\/www.fundacionpombo.org\/en\/wp-json\/wp\/v2\/pages\/25669","targetHints":{"allow":["GET"]}}],"collection":[{"href":"https:\/\/www.fundacionpombo.org\/en\/wp-json\/wp\/v2\/pages"}],"about":[{"href":"https:\/\/www.fundacionpombo.org\/en\/wp-json\/wp\/v2\/types\/page"}],"author":[{"embeddable":true,"href":"https:\/\/www.fundacionpombo.org\/en\/wp-json\/wp\/v2\/users\/2"}],"replies":[{"embeddable":true,"href":"https:\/\/www.fundacionpombo.org\/en\/wp-json\/wp\/v2\/comments?post=25669"}],"version-history":[{"count":0,"href":"https:\/\/www.fundacionpombo.org\/en\/wp-json\/wp\/v2\/pages\/25669\/revisions"}],"wp:attachment":[{"href":"https:\/\/www.fundacionpombo.org\/en\/wp-json\/wp\/v2\/media?parent=25669"}],"curies":[{"name":"wp","href":"https:\/\/api.w.org\/{rel}","templated":true}]}}