{"id":25674,"date":"2020-02-09T11:30:01","date_gmt":"2020-02-09T10:30:01","guid":{"rendered":"https:\/\/www.fundacionpombo.org\/?page_id=25674"},"modified":"2021-03-14T16:42:56","modified_gmt":"2021-03-14T15:42:56","slug":"migrations","status":"publish","type":"page","link":"https:\/\/www.fundacionpombo.org\/en\/migrations\/","title":{"rendered":"Migrations"},"content":{"rendered":"<section data-vc-full-width=\"true\" data-vc-full-width-init=\"false\" class=\"vc_row wpb_row vc_row-fluid  vc_custom_1582652202886 vc_row-has-fill pofo-stretch-content pofo-stretch-row-container vc_row-o-content-middle vc_row-flex\"><div class=\"wpb_column vc_column_container vc_col-sm-12  col-xs-mobile-fullwidth text-center md-text-center sm-text-center xs-text-center\"><div class=\"vc_column-inner \"><div class=\"wpb_wrapper\">[vc_empty_space height=&#8221;50px&#8221;]<div class=\"last-paragraph-no-margin\"><h2 style=\"text-align: left;\"><span style=\"color: #ffffff;\"><strong>Migrations<\/strong><\/span><\/h2>\n<h5 style=\"text-align: left;\">It is estimated that globally there are more than 60 million refugees and forcibly displaced persons due to armed conflict, poverty, inequality and climate change.<\/h5>\n<h5 style=\"text-align: left;\">Conscious of the fact that the protection and guarantee of their rights and their economic and social integration in the main countries of destination, such as Spain, are two of the biggest challenges of this era, we try to find and propose legal solutions and responses to promote and protect the rights of these individuals.<\/h5>\n<\/div><\/div><\/div><\/div><\/section><div class=\"vc_row-full-width vc_clearfix\"><\/div><section id=\"sticky-menu\" data-vc-full-width=\"true\" data-vc-full-width-init=\"false\" class=\"vc_row wpb_row vc_row-fluid  vc_custom_1582652293214 vc_row-has-fill pofo-stretch-content pofo-stretch-row-container\"><div class=\"wpb_column vc_column_container vc_col-sm-12  col-xs-mobile-fullwidth\"><div class=\"vc_column-inner \"><div class=\"wpb_wrapper\">[vc_wp_custommenu nav_menu=&#8221;82&#8243; el_id=&#8221;second-menu&#8221; el_class=&#8221;menu-horizontal&#8221;]<\/div><\/div><\/div><\/section><div class=\"vc_row-full-width vc_clearfix\"><\/div><section data-vc-full-width=\"true\" data-vc-full-width-init=\"false\" class=\"vc_row wpb_row vc_row-fluid  vc_custom_1582100495852 vc_row-has-fill pofo-stretch-content pofo-stretch-row-container vc_row-o-content-middle vc_row-flex\"><div class=\"wpb_column vc_column_container vc_col-has-fill vc_col-sm-12  col-xs-mobile-fullwidth\"><div class=\"vc_column-inner vc_custom_1581180445066\"><div class=\"wpb_wrapper\"><div class=\"last-paragraph-no-margin\"><h5><span style=\"color: #f32735;\"><strong>Recognitions<\/strong><\/span><\/h5>\n<h6><span style=\"color: #f32735;\">*<\/span> Finalists in the Global Pro Bono Awards 2018 + Gu\u00eda CIE<\/h6>\n<h4><\/h4>\n<\/div><\/div><\/div><\/div><\/section><div class=\"vc_row-full-width vc_clearfix\"><\/div><section class=\"vc_row wpb_row vc_row-fluid  vc_custom_1583233303979\"><div class=\"wpb_column vc_column_container vc_col-sm-12  col-xs-mobile-fullwidth\"><div class=\"vc_column-inner \"><div class=\"wpb_wrapper\"><div class=\"last-paragraph-no-margin\"><h3 class=\"font-weight-300 text-extra-dark-gray no-margin\" style=\"text-align: left;\"><strong>Publications<\/strong><\/h3>\n<hr \/>\n<p>&nbsp;<\/p>\n<h4 style=\"text-align: left;\"><\/h4>\n<\/div>[vc_single_image image=&#8221;22756&#8243; img_size=&#8221;medium&#8221; onclick=&#8221;custom_link&#8221; img_link_target=&#8221;_blank&#8221; link=&#8221;http:\/\/www.fundacionpombo.org\/web\/wp-content\/uploads\/2020\/02\/GuiaCIE.pdf&#8221;]<\/div><\/div><\/div><\/section><section id=\"cie\" data-vc-full-width=\"true\" data-vc-full-width-init=\"false\" class=\"vc_row wpb_row vc_row-fluid  vc_custom_1583233294216 pofo-stretch-content pofo-stretch-row-container\"><div class=\"wpb_column vc_column_container  col-xs-mobile-fullwidth\"><div class=\"vc_column-inner \"><div class=\"wpb_wrapper\"><div class=\" vc_custom_1604837476056 last-paragraph-no-margin\"><h3 class=\"font-weight-300 text-extra-dark-gray no-margin\" style=\"text-align: left;\"><strong>Projects\u00a0<\/strong><\/h3>\n<hr \/>\n<p>&nbsp;<\/p>\n<h4 style=\"text-align: left;\"><span style=\"color: #f32735;\"><strong>AIE. ALIEN INTERNMENT CENTRE<\/strong><\/span><\/h4>\n<h6>We analyse the underlying reality of the Alien Internment Centres (AIE), the legal framework in which they operate and their effectiveness as an instrument to manage irregular immigration, which is currently the subject of intense debate an analysis in legal and institutional spheres.<\/h6>\n<\/div>[vc_text_separator title=&#8221;LATEST NEWS&#8221; title_align=&#8221;separator_align_left&#8221; align=&#8221;align_left&#8221; color=&#8221;custom&#8221; el_width=&#8221;20&#8243; accent_color=&#8221;#f32735&#8243;][vc_empty_space]<div id=\"entries-block-1\" class=\"pofo-blog-masonry\"><ul class=\"blog-grid blog-3col gutter-large blog-post-gutter\"><li class=\"grid-sizer\"><\/li><\/ul><\/div>[vc_empty_space][vc_btn title=&#8221;Learn more&#8221; style=&#8221;gradient-custom&#8221; gradient_custom_color_1=&#8221;#f32735&#8243; gradient_custom_color_2=&#8221;&#8221; shape=&#8221;square&#8221; size=&#8221;lg&#8221; align=&#8221;center&#8221; link=&#8221;url:http%3A%2F%2Fprobonoxmigranteforzosos.fundacionpombo.org%2F||target:%20_blank|&#8221;]<\/div><\/div><\/div><\/section><div class=\"vc_row-full-width vc_clearfix\"><\/div><section id=\"asilo-refugio\" data-vc-full-width=\"true\" data-vc-full-width-init=\"false\" class=\"vc_row wpb_row vc_row-fluid  vc_custom_1582652614687 vc_row-has-fill pofo-stretch-content pofo-stretch-row-container vc_row-o-content-middle vc_row-flex\"><div class=\"wpb_column vc_column_container vc_col-sm-12  col-xs-mobile-fullwidth\"><div class=\"vc_column-inner \"><div class=\"wpb_wrapper\"><div class=\"last-paragraph-no-margin\"><h4 style=\"text-align: left;\"><span style=\"color: #f32735;\"><strong>ASYLUM AND REFUGE<\/strong><\/span><\/h4>\n<h6><span style=\"font-weight: 400;\">In addition to analysing the situation and legal challenges at alien internment centres (AIE), we research and promote improvements in legal advice and access to justice for forced migrants in a doubly vulnerable situation, including unaccompanied foreign minors, victims of gender-based violence, human trafficking victims and those that suffer from mental health problems.<\/span><\/h6>\n<\/div>[vc_empty_space][vc_text_separator title=&#8221;LATEST NEWS&#8221; title_align=&#8221;separator_align_left&#8221; align=&#8221;align_left&#8221; color=&#8221;custom&#8221; el_width=&#8221;20&#8243; accent_color=&#8221;#f32735&#8243;][vc_empty_space]<div id=\"entries-block-2\" class=\"pofo-blog-masonry\"><ul class=\"blog-grid blog-3col gutter-large blog-post-gutter\"><li class=\"grid-sizer\"><\/li><\/ul><\/div>[vc_empty_space][vc_btn title=&#8221;Learn more&#8221; style=&#8221;gradient-custom&#8221; gradient_custom_color_1=&#8221;#f32735&#8243; gradient_custom_color_2=&#8221;&#8221; shape=&#8221;square&#8221; size=&#8221;lg&#8221; align=&#8221;center&#8221; link=&#8221;url:http%3A%2F%2Fprobonoxmigranteforzosos.fundacionpombo.org%2F||target:%20_blank|&#8221;]<\/div><\/div><\/div><\/section><div class=\"vc_row-full-width vc_clearfix\"><\/div>\n","protected":false},"excerpt":{"rendered":"[vc_empty_space height=\"50px\"]Migrations It is estimated that globally there are more than 60 million refugees and forcibly displaced persons due to armed conflict, poverty, inequality and climate change. Conscious of the fact that the protection and guarantee of their rights and their economic and social integration in the main countries of destination, such as Spain, are two of the biggest challenges of this era, we try to find and propose legal solutions and responses to promote and protect the rights of these individuals. [vc_wp_custommenu nav_menu=\"82\" el_id=\"second-menu\" el_class=\"menu-horizontal\"]Recognitions * Finalists in the Global Pro Bono Awards 2018 + Gu\u00eda CIE Publications &nbsp; [vc_single_image image=\"22756\" img_size=\"medium\" onclick=\"custom_link\" img_link_target=\"_blank\" link=\"http:\/\/www.fundacionpombo.org\/web\/wp-content\/uploads\/2020\/02\/GuiaCIE.pdf\"]Projects\u00a0 &nbsp; AIE. ALIEN INTERNMENT CENTRE We analyse the underlying reality of the Alien Internment Centres (AIE), the legal framework in which they operate and their effectiveness as an instrument to manage irregular immigration, which is currently the subject of intense debate an analysis in legal and institutional spheres. [vc_text_separator title=\"LATEST NEWS\" title_align=\"separator_align_left\" align=\"align_left\" color=\"custom\" el_width=\"20\" accent_color=\"#f32735\"][vc_empty_space][vc_empty_space][vc_btn title=\"Learn more\" style=\"gradient-custom\" gradient_custom_color_1=\"#f32735\" gradient_custom_color_2=\"\" shape=\"square\" size=\"lg\" align=\"center\" link=\"url:http%3A%2F%2Fprobonoxmigranteforzosos.fundacionpombo.org%2F||target:%20_blank|\"]ASYLUM AND REFUGE In addition to analysing the situation and legal challenges at alien internment centres (AIE), we research and promote improvements in legal advice and access to justice for&hellip; <a class=\"continue\" href=\"https:\/\/www.fundacionpombo.org\/en\/migrations\/\">Continuar leyendo<span> Migrations<\/span><\/a>","protected":false},"author":2,"featured_media":0,"parent":0,"menu_order":0,"comment_status":"closed","ping_status":"closed","template":"","meta":{"footnotes":""},"class_list":["post-25674","page","type-page","status-publish","hentry"],"yoast_head":"<!-- This site is optimized with the Yoast SEO plugin v27.5 - https:\/\/yoast.com\/product\/yoast-seo-wordpress\/ -->\n<title>Migrations - Fundaci\u00f3n Fernando Pombo<\/title>\n<meta name=\"description\" content=\"Promovemos iniciativas jur\u00eddicas encaminadas a fortalecer el Estado de derecho y los derechos humanos. Trabajamos local y globalmente, combinando innovaci\u00f3n y excelencia jur\u00eddica para generar un mayor impacto social.\" \/>\n<meta name=\"robots\" content=\"index, follow, max-snippet:-1, max-image-preview:large, max-video-preview:-1\" \/>\n<link rel=\"canonical\" href=\"https:\/\/www.fundacionpombo.org\/en\/migrations\/\" \/>\n<meta property=\"og:locale\" content=\"en_US\" \/>\n<meta property=\"og:type\" content=\"article\" \/>\n<meta property=\"og:title\" content=\"Migrations - Fundaci\u00f3n Fernando Pombo\" \/>\n<meta property=\"og:description\" content=\"Promovemos iniciativas jur\u00eddicas encaminadas a fortalecer el Estado de derecho y los derechos humanos. Trabajamos local y globalmente, combinando innovaci\u00f3n y excelencia jur\u00eddica para generar un mayor impacto social.\" \/>\n<meta property=\"og:url\" content=\"https:\/\/www.fundacionpombo.org\/en\/migrations\/\" \/>\n<meta property=\"og:site_name\" content=\"Fundaci\u00f3n Fernando Pombo\" \/>\n<meta property=\"article:publisher\" content=\"https:\/\/www.facebook.com\/FundacionFernandoPombo\" \/>\n<meta property=\"article:modified_time\" content=\"2021-03-14T15:42:56+00:00\" \/>\n<meta name=\"twitter:card\" content=\"summary_large_image\" \/>\n<meta name=\"twitter:site\" content=\"@FundacionFPombo\" \/>\n<script type=\"application\/ld+json\" class=\"yoast-schema-graph\">{\"@context\":\"https:\\\/\\\/schema.org\",\"@graph\":[{\"@type\":\"WebPage\",\"@id\":\"https:\\\/\\\/www.fundacionpombo.org\\\/en\\\/migrations\\\/\",\"url\":\"https:\\\/\\\/www.fundacionpombo.org\\\/en\\\/migrations\\\/\",\"name\":\"Migrations - Fundaci\u00f3n Fernando Pombo\",\"isPartOf\":{\"@id\":\"https:\\\/\\\/www.fundacionpombo.org\\\/en\\\/#website\"},\"datePublished\":\"2020-02-09T10:30:01+00:00\",\"dateModified\":\"2021-03-14T15:42:56+00:00\",\"description\":\"Promovemos iniciativas jur\u00eddicas encaminadas a fortalecer el Estado de derecho y los derechos humanos. Trabajamos local y globalmente, combinando innovaci\u00f3n y excelencia jur\u00eddica para generar un mayor impacto social.\",\"breadcrumb\":{\"@id\":\"https:\\\/\\\/www.fundacionpombo.org\\\/en\\\/migrations\\\/#breadcrumb\"},\"inLanguage\":\"en-US\",\"potentialAction\":[{\"@type\":\"ReadAction\",\"target\":[\"https:\\\/\\\/www.fundacionpombo.org\\\/en\\\/migrations\\\/\"]}]},{\"@type\":\"BreadcrumbList\",\"@id\":\"https:\\\/\\\/www.fundacionpombo.org\\\/en\\\/migrations\\\/#breadcrumb\",\"itemListElement\":[{\"@type\":\"ListItem\",\"position\":1,\"name\":\"Portada\",\"item\":\"https:\\\/\\\/www.fundacionpombo.org\\\/en\\\/\"},{\"@type\":\"ListItem\",\"position\":2,\"name\":\"Migrations\"}]},{\"@type\":\"WebSite\",\"@id\":\"https:\\\/\\\/www.fundacionpombo.org\\\/en\\\/#website\",\"url\":\"https:\\\/\\\/www.fundacionpombo.org\\\/en\\\/\",\"name\":\"Fundaci\u00f3n Fernando Pombo\",\"description\":\"Abogac\u00eda responsable por un mundo m\u00e1s justo\",\"potentialAction\":[{\"@type\":\"SearchAction\",\"target\":{\"@type\":\"EntryPoint\",\"urlTemplate\":\"https:\\\/\\\/www.fundacionpombo.org\\\/en\\\/?s={search_term_string}\"},\"query-input\":{\"@type\":\"PropertyValueSpecification\",\"valueRequired\":true,\"valueName\":\"search_term_string\"}}],\"inLanguage\":\"en-US\"}]}<\/script>\n<!-- \/ Yoast SEO plugin. -->","yoast_head_json":{"title":"Migrations - Fundaci\u00f3n Fernando Pombo","description":"Promovemos iniciativas jur\u00eddicas encaminadas a fortalecer el Estado de derecho y los derechos humanos. Trabajamos local y globalmente, combinando innovaci\u00f3n y excelencia jur\u00eddica para generar un mayor impacto social.","robots":{"index":"index","follow":"follow","max-snippet":"max-snippet:-1","max-image-preview":"max-image-preview:large","max-video-preview":"max-video-preview:-1"},"canonical":"https:\/\/www.fundacionpombo.org\/en\/migrations\/","og_locale":"en_US","og_type":"article","og_title":"Migrations - Fundaci\u00f3n Fernando Pombo","og_description":"Promovemos iniciativas jur\u00eddicas encaminadas a fortalecer el Estado de derecho y los derechos humanos. Trabajamos local y globalmente, combinando innovaci\u00f3n y excelencia jur\u00eddica para generar un mayor impacto social.","og_url":"https:\/\/www.fundacionpombo.org\/en\/migrations\/","og_site_name":"Fundaci\u00f3n Fernando Pombo","article_publisher":"https:\/\/www.facebook.com\/FundacionFernandoPombo","article_modified_time":"2021-03-14T15:42:56+00:00","twitter_card":"summary_large_image","twitter_site":"@FundacionFPombo","schema":{"@context":"https:\/\/schema.org","@graph":[{"@type":"WebPage","@id":"https:\/\/www.fundacionpombo.org\/en\/migrations\/","url":"https:\/\/www.fundacionpombo.org\/en\/migrations\/","name":"Migrations - Fundaci\u00f3n Fernando Pombo","isPartOf":{"@id":"https:\/\/www.fundacionpombo.org\/en\/#website"},"datePublished":"2020-02-09T10:30:01+00:00","dateModified":"2021-03-14T15:42:56+00:00","description":"Promovemos iniciativas jur\u00eddicas encaminadas a fortalecer el Estado de derecho y los derechos humanos. Trabajamos local y globalmente, combinando innovaci\u00f3n y excelencia jur\u00eddica para generar un mayor impacto social.","breadcrumb":{"@id":"https:\/\/www.fundacionpombo.org\/en\/migrations\/#breadcrumb"},"inLanguage":"en-US","potentialAction":[{"@type":"ReadAction","target":["https:\/\/www.fundacionpombo.org\/en\/migrations\/"]}]},{"@type":"BreadcrumbList","@id":"https:\/\/www.fundacionpombo.org\/en\/migrations\/#breadcrumb","itemListElement":[{"@type":"ListItem","position":1,"name":"Portada","item":"https:\/\/www.fundacionpombo.org\/en\/"},{"@type":"ListItem","position":2,"name":"Migrations"}]},{"@type":"WebSite","@id":"https:\/\/www.fundacionpombo.org\/en\/#website","url":"https:\/\/www.fundacionpombo.org\/en\/","name":"Fundaci\u00f3n Fernando Pombo","description":"Abogac\u00eda responsable por un mundo m\u00e1s justo","potentialAction":[{"@type":"SearchAction","target":{"@type":"EntryPoint","urlTemplate":"https:\/\/www.fundacionpombo.org\/en\/?s={search_term_string}"},"query-input":{"@type":"PropertyValueSpecification","valueRequired":true,"valueName":"search_term_string"}}],"inLanguage":"en-US"}]}},"_links":{"self":[{"href":"https:\/\/www.fundacionpombo.org\/en\/wp-json\/wp\/v2\/pages\/25674","targetHints":{"allow":["GET"]}}],"collection":[{"href":"https:\/\/www.fundacionpombo.org\/en\/wp-json\/wp\/v2\/pages"}],"about":[{"href":"https:\/\/www.fundacionpombo.org\/en\/wp-json\/wp\/v2\/types\/page"}],"author":[{"embeddable":true,"href":"https:\/\/www.fundacionpombo.org\/en\/wp-json\/wp\/v2\/users\/2"}],"replies":[{"embeddable":true,"href":"https:\/\/www.fundacionpombo.org\/en\/wp-json\/wp\/v2\/comments?post=25674"}],"version-history":[{"count":0,"href":"https:\/\/www.fundacionpombo.org\/en\/wp-json\/wp\/v2\/pages\/25674\/revisions"}],"wp:attachment":[{"href":"https:\/\/www.fundacionpombo.org\/en\/wp-json\/wp\/v2\/media?parent=25674"}],"curies":[{"name":"wp","href":"https:\/\/api.w.org\/{rel}","templated":true}]}}