{"id":25677,"date":"2020-02-09T19:16:18","date_gmt":"2020-02-09T18:16:18","guid":{"rendered":"https:\/\/www.fundacionpombo.org\/?page_id=25677"},"modified":"2021-03-11T18:51:10","modified_gmt":"2021-03-11T17:51:10","slug":"homelessness","status":"publish","type":"page","link":"https:\/\/www.fundacionpombo.org\/en\/homelessness\/","title":{"rendered":"Homelessness"},"content":{"rendered":"<section data-vc-full-width=\"true\" data-vc-full-width-init=\"false\" class=\"vc_row wpb_row vc_row-fluid  vc_custom_1582652867836 vc_row-has-fill pofo-stretch-content pofo-stretch-row-container vc_row-o-content-middle vc_row-flex\"><div class=\"wpb_column vc_column_container vc_col-sm-12  col-xs-mobile-fullwidth text-center md-text-center sm-text-center xs-text-center\"><div class=\"vc_column-inner \"><div class=\"wpb_wrapper\">[vc_empty_space height=&#8221;50px&#8221;]<div class=\"last-paragraph-no-margin\"><h2 style=\"text-align: left;\"><span style=\"color: #ffffff;\"><strong>Homelessness<\/strong><\/span><\/h2>\n<h5 style=\"text-align: left;\">We try to make this reality visible in the legal profession and promote Access to basic rights of homeless persons.<\/h5>\n<\/div><\/div><\/div><\/div><\/section><div class=\"vc_row-full-width vc_clearfix\"><\/div><section data-vc-full-width=\"true\" data-vc-full-width-init=\"false\" class=\"vc_row wpb_row vc_row-fluid   pofo-stretch-content pofo-stretch-row-container vc_row-o-content-middle vc_row-flex\"><div class=\"wpb_column vc_column_container vc_col-sm-6  col-xs-mobile-fullwidth text-center md-text-center sm-text-center xs-text-center\"><div class=\"vc_column-inner \"><div class=\"wpb_wrapper\">[vc_video link=&#8221;https:\/\/youtu.be\/gxQUMqErpKU&#8221; align=&#8221;center&#8221; css=&#8221;.vc_custom_1581272731412{background-image: url(http:\/\/www.fundacionpombo.org\/web\/wp-content\/uploads\/2019\/11\/Abogac\u00eda-Objetivos-de-Desarrollo-Sostenible-y-Rule-of-Law.png?id=21612) !important;}&#8221;]<\/div><\/div><\/div><div class=\"wpb_column vc_column_container vc_col-sm-6  col-xs-mobile-fullwidth\"><div class=\"vc_column-inner \"><div class=\"wpb_wrapper\">[vc_single_image image=&#8221;22754&#8243; img_size=&#8221;&#8221; alignment=&#8221;center&#8221;]<\/div><\/div><\/div><\/section><div class=\"vc_row-full-width vc_clearfix\"><\/div><section data-vc-full-width=\"true\" data-vc-full-width-init=\"false\" class=\"vc_row wpb_row vc_row-fluid  vc_custom_1582653158248 vc_row-has-fill pofo-stretch-content pofo-stretch-row-container vc_row-o-content-top vc_row-flex\"><div class=\"wpb_column vc_column_container vc_col-has-fill vc_col-sm-12  col-xs-mobile-fullwidth\"><div class=\"vc_column-inner vc_custom_1581180445066\"><div class=\"wpb_wrapper\"><div class=\"last-paragraph-no-margin\"><h5><span style=\"color: #f32735;\"><strong>Recognitions<\/strong><\/span><\/h5>\n<h6><span style=\"color: #f32735;\">* <\/span>Special mention in the Financial Times Innovative Lawyers Report \u2013 Europe 2014.<br \/>\n<span style=\"color: #f32735;\">*<\/span> Finalists in the VI Co-responsible Awards.<\/h6>\n<h4><\/h4>\n<\/div><\/div><\/div><\/div><\/section><div class=\"vc_row-full-width vc_clearfix\"><\/div><section class=\"vc_row wpb_row vc_row-fluid  vc_custom_1582653178049\"><div class=\"wpb_column vc_column_container vc_col-sm-12  col-xs-mobile-fullwidth\"><div class=\"vc_column-inner \"><div class=\"wpb_wrapper\"><div class=\" vc_custom_1604837968489 last-paragraph-no-margin\"><h3 class=\"font-weight-300 text-extra-dark-gray no-margin\" style=\"text-align: left;\"><strong>Projects<\/strong><\/h3>\n<hr \/>\n<h6><\/h6>\n<\/div>[vc_empty_space][vc_text_separator title=&#8221;LATEST NEWS&#8221; title_align=&#8221;separator_align_left&#8221; align=&#8221;align_left&#8221; color=&#8221;custom&#8221; el_width=&#8221;20&#8243; accent_color=&#8221;#f32735&#8243; css=&#8221;.vc_custom_1604837977772{padding-top: 0px !important;}&#8221;][vc_empty_space]<div id=\"entries-block-1\" class=\"pofo-blog-masonry\"><ul class=\"blog-grid blog-3col gutter-medium blog-post-gutter\"><li class=\"grid-sizer\"><\/li><li class=\"grid-item blog-post-style5 blog-style5-1 padding-7px-all\"><div class=\"post-27382 post type-post status-publish format-standard has-post-thumbnail hentry category-publications category-uncategorized\"><div class=\"blog-post\"><div class=\"blog-post-images overflow-hidden position-relative text-center\"><a href=\"https:\/\/www.fundacionpombo.org\/en\/guide-for-the-application-and-renewal-of-the-residence-and-work-permit-in-spain\/\"><img fetchpriority=\"high\" decoding=\"async\" width=\"360\" height=\"257\" src=\"https:\/\/www.fundacionpombo.org\/web\/wp-content\/uploads\/2022\/05\/application-and-renewal-of-the-residence-and-work-permit-in-Spain-360x257.png\" class=\"attachment-pofo-related-post-thumb size-pofo-related-post-thumb wp-post-image\" alt=\"\" title=\"\" \/><\/a><\/div><div class=\"post-details padding-ten-all bg-white sm-padding-20px-all\"><div class=\"blog-hover-color\"><\/div><a class=\"alt-font post-title text-medium text-extra-dark-gray display-block margin-10px-bottom entry-title\" href=\"https:\/\/www.fundacionpombo.org\/en\/guide-for-the-application-and-renewal-of-the-residence-and-work-permit-in-spain\/\">Guide for the application and renewal of the residence and work permit in Spain.<\/a><div class=\"author text-extra-small text-medium-gray display-block\"><span class=\"text-medium-gray text-extra-small display-inline-block vertical-align-middle text-uppercase\"><span class=\"pofo-blog-post-meta text-extra-small text-medium-gray display-inline-block published vertical-align-middle\">05 May 2022<\/span><time class=\"updated display-none\" datetime=\"2022-10-21T11:08:31+02:00\">21 October 2022<\/time><\/span><\/div><div class=\"separator-line-horrizontal-full bg-medium-light-gray margin-20px-top sm-margin-15px-top\"><\/div><div class=\"entry-content margin-20px-top sm-margin-15px-top no-margin-bottom\">[vc_btn title=\"Download\" style=\"gradient-custom\" gradient_custom_color_2=\"#dd3333\" shape=\"square\" size=\"lg\" link=\"url:https%3A%2F%2Fwww.fundacionpombo.org%2F%3Fsmd_process_download%3D1%26download_id%3D26800|target:_blank\"] We present the Guide for the application and...<\/div><a href=\"https:\/\/www.fundacionpombo.org\/en\/guide-for-the-application-and-renewal-of-the-residence-and-work-permit-in-spain\/\" class=\"btn-black btn no-margin-bottom margin-20px-top sm-margin-15px-top white-space-normal btn-very-small\">Leer m\u00e1s<\/a><\/div><\/div><\/div><\/li><li class=\"grid-item blog-post-style5 blog-style5-2 padding-7px-all\"><div class=\"post-27350 post type-post status-publish format-standard has-post-thumbnail hentry category-publications category-uncategorized\"><div class=\"blog-post\"><div class=\"blog-post-images overflow-hidden position-relative text-center\"><a href=\"https:\/\/www.fundacionpombo.org\/en\/practical-issues-in-human-trafficking-an-interdisciplinary-view\/\"><img decoding=\"async\" width=\"360\" height=\"257\" src=\"https:\/\/www.fundacionpombo.org\/web\/wp-content\/uploads\/2022\/04\/Practical-issues-on-human-trafficking-an-interdisciplinary-vision-360x257.png\" class=\"attachment-pofo-related-post-thumb size-pofo-related-post-thumb wp-post-image\" alt=\"\" title=\"\" \/><\/a><\/div><div class=\"post-details padding-ten-all bg-white sm-padding-20px-all\"><div class=\"blog-hover-color\"><\/div><a class=\"alt-font post-title text-medium text-extra-dark-gray display-block margin-10px-bottom entry-title\" href=\"https:\/\/www.fundacionpombo.org\/en\/practical-issues-in-human-trafficking-an-interdisciplinary-view\/\">Practical issues on human trafficking: an interdisciplinary vision<\/a><div class=\"author text-extra-small text-medium-gray display-block\"><span class=\"text-medium-gray text-extra-small display-inline-block vertical-align-middle text-uppercase\"><span class=\"pofo-blog-post-meta text-extra-small text-medium-gray display-inline-block published vertical-align-middle\">07 April 2022<\/span><time class=\"updated display-none\" datetime=\"2022-10-21T13:05:48+02:00\">21 October 2022<\/time><\/span><\/div><div class=\"separator-line-horrizontal-full bg-medium-light-gray margin-20px-top sm-margin-15px-top\"><\/div><div class=\"entry-content margin-20px-top sm-margin-15px-top no-margin-bottom\">We present the guide \u201cPractical issues on human trafficking: an interdisciplinary vision\u201d (Cuestiones pra\u0301cticas sobre...<\/div><a href=\"https:\/\/www.fundacionpombo.org\/en\/practical-issues-in-human-trafficking-an-interdisciplinary-view\/\" class=\"btn-black btn no-margin-bottom margin-20px-top sm-margin-15px-top white-space-normal btn-very-small\">Leer m\u00e1s<\/a><\/div><\/div><\/div><\/li><li class=\"grid-item blog-post-style5 blog-style5-3 padding-7px-all\"><div class=\"post-27348 post type-post status-publish format-standard has-post-thumbnail hentry\"><div class=\"blog-post\"><div class=\"blog-post-images overflow-hidden position-relative text-center\"><a href=\"https:\/\/www.fundacionpombo.org\/en\/we-present-the-conference-rights-for-change-towards-greater-legal-security-for-victims-of-human-trafficking\/\"><img decoding=\"async\" width=\"360\" height=\"257\" src=\"https:\/\/www.fundacionpombo.org\/web\/wp-content\/uploads\/2022\/03\/Rights-for-change-towards-greater-legal-security-for-victims-of-human-trafficking-360x257.png\" class=\"attachment-pofo-related-post-thumb size-pofo-related-post-thumb wp-post-image\" alt=\"\" title=\"\" \/><\/a><\/div><div class=\"post-details padding-ten-all bg-white sm-padding-20px-all\"><div class=\"blog-hover-color\"><\/div><a class=\"alt-font post-title text-medium text-extra-dark-gray display-block margin-10px-bottom entry-title\" href=\"https:\/\/www.fundacionpombo.org\/en\/we-present-the-conference-rights-for-change-towards-greater-legal-security-for-victims-of-human-trafficking\/\">We present the conference \u201cRights for change: towards greater legal security for victims of human trafficking\u201d.<\/a><div class=\"author text-extra-small text-medium-gray display-block\"><span class=\"text-medium-gray text-extra-small display-inline-block vertical-align-middle text-uppercase\"><span class=\"pofo-blog-post-meta text-extra-small text-medium-gray display-inline-block published vertical-align-middle\">30 March 2022<\/span><time class=\"updated display-none\" datetime=\"2022-10-24T10:27:33+02:00\">24 October 2022<\/time><\/span><\/div><div class=\"separator-line-horrizontal-full bg-medium-light-gray margin-20px-top sm-margin-15px-top\"><\/div><div class=\"entry-content margin-20px-top sm-margin-15px-top no-margin-bottom\">The Fernando Pombo Foundation and the Trabe Association are holding the conference \u201cRights for change:...<\/div><a href=\"https:\/\/www.fundacionpombo.org\/en\/we-present-the-conference-rights-for-change-towards-greater-legal-security-for-victims-of-human-trafficking\/\" class=\"btn-black btn no-margin-bottom margin-20px-top sm-margin-15px-top white-space-normal btn-very-small\">Leer m\u00e1s<\/a><\/div><\/div><\/div><\/li><\/ul><div class=\" text-center margin-70px-top sm-margin-30px-top clear-both float-left width-100\"><div class=\"text-small text-uppercase text-extra-dark-gray pagination\"><span aria-current=\"page\" class=\"page-numbers current\">1<\/span>\n<a class=\"page-numbers\" href=\"https:\/\/www.fundacionpombo.org\/en\/wp-json\/wp\/v2\/pages\/25677\/page\/2\/\">2<\/a>\n<a class=\"page-numbers\" href=\"https:\/\/www.fundacionpombo.org\/en\/wp-json\/wp\/v2\/pages\/25677\/page\/3\/\">3<\/a>\n<span class=\"page-numbers dots\">&hellip;<\/span>\n<a class=\"page-numbers\" href=\"https:\/\/www.fundacionpombo.org\/en\/wp-json\/wp\/v2\/pages\/25677\/page\/9\/\">9<\/a>\n<a class=\"page-numbers\" href=\"https:\/\/www.fundacionpombo.org\/en\/wp-json\/wp\/v2\/pages\/25677\/page\/10\/\">10<\/a>\n<a class=\"next page-numbers\" href=\"https:\/\/www.fundacionpombo.org\/en\/wp-json\/wp\/v2\/pages\/25677\/page\/2\/\"><span class=\"xs-display-none border-none\">Next<\/span> <i class=\"fas fa-long-arrow-alt-right margin-5px-left\"><\/i><\/a><\/div><\/div><\/div><\/div><\/div><\/div><\/section>\n","protected":false},"excerpt":{"rendered":"The Fernando Pombo Foundation and the Trabe Association are holding the conference \u201cRights for change: towards greater legal certainty for victims of human trafficking\u201d, which will take place on 6 April, at 6:00 pm, in the auditorium of the Madrid Bar Association (ICAM). It will also be streamed through ICAM\u2019s Youtube channel here. During the day there will be two round tables at which we will reflect on the present and future of the regulation and approach to the phenomenon of human trafficking in our legal system and the book \u201cPractical issues on human trafficking: an interdisciplinary vision\u201d (\u201cCuestiones pr\u00e1cticas sobre trata de seres humanos: una visi\u00f3n interdisciplinar\u201d, in Spanish) will be presented. This collective work analyses the main barriers identified in the legal and social accompaniment of victims and survivors of human trafficking for the purpose of sexual exploitation and proposes best practices and legislative recommendations to improve access to their rights. It is also the second of the publications produced within the framework of the \u201cRights for Change\u201d project of the Fernando Pombo Foundation and the Trabe Association, which precedes the research report \u201cAn approach to the reality of trafficked women\u201d (Una aproximaci\u00f3n a la realidad de las&hellip; <a class=\"continue\" href=\"https:\/\/www.fundacionpombo.org\/en\/we-present-the-conference-rights-for-change-towards-greater-legal-security-for-victims-of-human-trafficking\/\">Continuar leyendo<span> We present the conference \u201cRights for change: towards greater legal security for victims of human trafficking\u201d.<\/span><\/a>","protected":false},"author":2,"featured_media":0,"parent":0,"menu_order":0,"comment_status":"closed","ping_status":"closed","template":"","meta":{"footnotes":""},"class_list":["post-25677","page","type-page","status-publish","hentry"],"yoast_head":"<!-- This site is optimized with the Yoast SEO plugin v27.5 - https:\/\/yoast.com\/product\/yoast-seo-wordpress\/ -->\n<title>Homelessness - Fundaci\u00f3n Fernando Pombo<\/title>\n<meta name=\"description\" content=\"Promovemos iniciativas jur\u00eddicas encaminadas a fortalecer el Estado de derecho y los derechos humanos. Trabajamos local y globalmente, combinando innovaci\u00f3n y excelencia jur\u00eddica para generar un mayor impacto social.\" \/>\n<meta name=\"robots\" content=\"index, follow, max-snippet:-1, max-image-preview:large, max-video-preview:-1\" \/>\n<link rel=\"canonical\" href=\"https:\/\/www.fundacionpombo.org\/en\/homelessness\/\" \/>\n<meta property=\"og:locale\" content=\"en_US\" \/>\n<meta property=\"og:type\" content=\"article\" \/>\n<meta property=\"og:title\" content=\"Homelessness - Fundaci\u00f3n Fernando Pombo\" \/>\n<meta property=\"og:description\" content=\"Promovemos iniciativas jur\u00eddicas encaminadas a fortalecer el Estado de derecho y los derechos humanos. Trabajamos local y globalmente, combinando innovaci\u00f3n y excelencia jur\u00eddica para generar un mayor impacto social.\" \/>\n<meta property=\"og:url\" content=\"https:\/\/www.fundacionpombo.org\/en\/homelessness\/\" \/>\n<meta property=\"og:site_name\" content=\"Fundaci\u00f3n Fernando Pombo\" \/>\n<meta property=\"article:publisher\" content=\"https:\/\/www.facebook.com\/FundacionFernandoPombo\" \/>\n<meta property=\"article:modified_time\" content=\"2021-03-11T17:51:10+00:00\" \/>\n<meta name=\"twitter:card\" content=\"summary_large_image\" \/>\n<meta name=\"twitter:site\" content=\"@FundacionFPombo\" \/>\n<script type=\"application\/ld+json\" class=\"yoast-schema-graph\">{\"@context\":\"https:\\\/\\\/schema.org\",\"@graph\":[{\"@type\":\"WebPage\",\"@id\":\"https:\\\/\\\/www.fundacionpombo.org\\\/en\\\/homelessness\\\/\",\"url\":\"https:\\\/\\\/www.fundacionpombo.org\\\/en\\\/homelessness\\\/\",\"name\":\"Homelessness - Fundaci\u00f3n Fernando Pombo\",\"isPartOf\":{\"@id\":\"https:\\\/\\\/www.fundacionpombo.org\\\/en\\\/#website\"},\"datePublished\":\"2020-02-09T18:16:18+00:00\",\"dateModified\":\"2021-03-11T17:51:10+00:00\",\"description\":\"Promovemos iniciativas jur\u00eddicas encaminadas a fortalecer el Estado de derecho y los derechos humanos. Trabajamos local y globalmente, combinando innovaci\u00f3n y excelencia jur\u00eddica para generar un mayor impacto social.\",\"breadcrumb\":{\"@id\":\"https:\\\/\\\/www.fundacionpombo.org\\\/en\\\/homelessness\\\/#breadcrumb\"},\"inLanguage\":\"en-US\",\"potentialAction\":[{\"@type\":\"ReadAction\",\"target\":[\"https:\\\/\\\/www.fundacionpombo.org\\\/en\\\/homelessness\\\/\"]}]},{\"@type\":\"BreadcrumbList\",\"@id\":\"https:\\\/\\\/www.fundacionpombo.org\\\/en\\\/homelessness\\\/#breadcrumb\",\"itemListElement\":[{\"@type\":\"ListItem\",\"position\":1,\"name\":\"Portada\",\"item\":\"https:\\\/\\\/www.fundacionpombo.org\\\/en\\\/\"},{\"@type\":\"ListItem\",\"position\":2,\"name\":\"Homelessness\"}]},{\"@type\":\"WebSite\",\"@id\":\"https:\\\/\\\/www.fundacionpombo.org\\\/en\\\/#website\",\"url\":\"https:\\\/\\\/www.fundacionpombo.org\\\/en\\\/\",\"name\":\"Fundaci\u00f3n Fernando Pombo\",\"description\":\"Abogac\u00eda responsable por un mundo m\u00e1s justo\",\"potentialAction\":[{\"@type\":\"SearchAction\",\"target\":{\"@type\":\"EntryPoint\",\"urlTemplate\":\"https:\\\/\\\/www.fundacionpombo.org\\\/en\\\/?s={search_term_string}\"},\"query-input\":{\"@type\":\"PropertyValueSpecification\",\"valueRequired\":true,\"valueName\":\"search_term_string\"}}],\"inLanguage\":\"en-US\"}]}<\/script>\n<!-- \/ Yoast SEO plugin. -->","yoast_head_json":{"title":"Homelessness - Fundaci\u00f3n Fernando Pombo","description":"Promovemos iniciativas jur\u00eddicas encaminadas a fortalecer el Estado de derecho y los derechos humanos. Trabajamos local y globalmente, combinando innovaci\u00f3n y excelencia jur\u00eddica para generar un mayor impacto social.","robots":{"index":"index","follow":"follow","max-snippet":"max-snippet:-1","max-image-preview":"max-image-preview:large","max-video-preview":"max-video-preview:-1"},"canonical":"https:\/\/www.fundacionpombo.org\/en\/homelessness\/","og_locale":"en_US","og_type":"article","og_title":"Homelessness - Fundaci\u00f3n Fernando Pombo","og_description":"Promovemos iniciativas jur\u00eddicas encaminadas a fortalecer el Estado de derecho y los derechos humanos. Trabajamos local y globalmente, combinando innovaci\u00f3n y excelencia jur\u00eddica para generar un mayor impacto social.","og_url":"https:\/\/www.fundacionpombo.org\/en\/homelessness\/","og_site_name":"Fundaci\u00f3n Fernando Pombo","article_publisher":"https:\/\/www.facebook.com\/FundacionFernandoPombo","article_modified_time":"2021-03-11T17:51:10+00:00","twitter_card":"summary_large_image","twitter_site":"@FundacionFPombo","schema":{"@context":"https:\/\/schema.org","@graph":[{"@type":"WebPage","@id":"https:\/\/www.fundacionpombo.org\/en\/homelessness\/","url":"https:\/\/www.fundacionpombo.org\/en\/homelessness\/","name":"Homelessness - Fundaci\u00f3n Fernando Pombo","isPartOf":{"@id":"https:\/\/www.fundacionpombo.org\/en\/#website"},"datePublished":"2020-02-09T18:16:18+00:00","dateModified":"2021-03-11T17:51:10+00:00","description":"Promovemos iniciativas jur\u00eddicas encaminadas a fortalecer el Estado de derecho y los derechos humanos. Trabajamos local y globalmente, combinando innovaci\u00f3n y excelencia jur\u00eddica para generar un mayor impacto social.","breadcrumb":{"@id":"https:\/\/www.fundacionpombo.org\/en\/homelessness\/#breadcrumb"},"inLanguage":"en-US","potentialAction":[{"@type":"ReadAction","target":["https:\/\/www.fundacionpombo.org\/en\/homelessness\/"]}]},{"@type":"BreadcrumbList","@id":"https:\/\/www.fundacionpombo.org\/en\/homelessness\/#breadcrumb","itemListElement":[{"@type":"ListItem","position":1,"name":"Portada","item":"https:\/\/www.fundacionpombo.org\/en\/"},{"@type":"ListItem","position":2,"name":"Homelessness"}]},{"@type":"WebSite","@id":"https:\/\/www.fundacionpombo.org\/en\/#website","url":"https:\/\/www.fundacionpombo.org\/en\/","name":"Fundaci\u00f3n Fernando Pombo","description":"Abogac\u00eda responsable por un mundo m\u00e1s justo","potentialAction":[{"@type":"SearchAction","target":{"@type":"EntryPoint","urlTemplate":"https:\/\/www.fundacionpombo.org\/en\/?s={search_term_string}"},"query-input":{"@type":"PropertyValueSpecification","valueRequired":true,"valueName":"search_term_string"}}],"inLanguage":"en-US"}]}},"_links":{"self":[{"href":"https:\/\/www.fundacionpombo.org\/en\/wp-json\/wp\/v2\/pages\/25677","targetHints":{"allow":["GET"]}}],"collection":[{"href":"https:\/\/www.fundacionpombo.org\/en\/wp-json\/wp\/v2\/pages"}],"about":[{"href":"https:\/\/www.fundacionpombo.org\/en\/wp-json\/wp\/v2\/types\/page"}],"author":[{"embeddable":true,"href":"https:\/\/www.fundacionpombo.org\/en\/wp-json\/wp\/v2\/users\/2"}],"replies":[{"embeddable":true,"href":"https:\/\/www.fundacionpombo.org\/en\/wp-json\/wp\/v2\/comments?post=25677"}],"version-history":[{"count":0,"href":"https:\/\/www.fundacionpombo.org\/en\/wp-json\/wp\/v2\/pages\/25677\/revisions"}],"wp:attachment":[{"href":"https:\/\/www.fundacionpombo.org\/en\/wp-json\/wp\/v2\/media?parent=25677"}],"curies":[{"name":"wp","href":"https:\/\/api.w.org\/{rel}","templated":true}]}}